{"id":127,"date":"2025-07-16T05:32:59","date_gmt":"2025-07-16T05:32:59","guid":{"rendered":"https:\/\/cursopracticoseo.com\/colmed\/?page_id=127"},"modified":"2025-09-02T09:57:35","modified_gmt":"2025-09-02T09:57:35","slug":"historia","status":"publish","type":"page","link":"https:\/\/cursopracticoseo.com\/colmed\/el-colegio\/historia\/","title":{"rendered":"Historia"},"content":{"rendered":"\t\t<div data-elementor-type=\"wp-page\" data-elementor-id=\"127\" class=\"elementor elementor-127\" data-elementor-post-type=\"page\">\n\t\t\t\t<div data-particle_enable=\"false\" data-particle-mobile-disabled=\"false\" class=\"elementor-element elementor-element-6c7f57b e-flex e-con-boxed e-con e-parent\" data-id=\"6c7f57b\" data-element_type=\"container\" data-settings=\"{&quot;background_background&quot;:&quot;classic&quot;}\">\n\t\t\t\t\t<div class=\"e-con-inner\">\n\t\t\t\t<div class=\"elementor-element elementor-element-5782da1 elementor-invisible elementor-widget elementor-widget-heading\" data-id=\"5782da1\" data-element_type=\"widget\" data-settings=\"{&quot;motion_fx_motion_fx_mouse&quot;:&quot;yes&quot;,&quot;_animation&quot;:&quot;fadeInLeft&quot;}\" data-widget_type=\"heading.default\">\n\t\t\t\t<div class=\"elementor-widget-container\">\n\t\t\t\t\t<h2 class=\"elementor-heading-title elementor-size-default\">Historia<\/h2>\t\t\t\t<\/div>\n\t\t\t\t<\/div>\n\t\t\t\t<div class=\"elementor-element elementor-element-2fd0de2 elementor-widget elementor-widget-eael-breadcrumbs\" data-id=\"2fd0de2\" data-element_type=\"widget\" data-widget_type=\"eael-breadcrumbs.default\">\n\t\t\t\t<div class=\"elementor-widget-container\">\n\t\t\t\t\t\t\t<div class=\"eael-breadcrumbs\">\n\t\t\t<div class=\"eael-breadcrumbs__content\"><a href=\"https:\/\/cursopracticoseo.com\/colmed\">Inicio<\/a> <span class=\"eael-breadcrumb-separator\">\/<\/span> <span class = \"eael-current\">P\u00e1gina<\/span><\/div>\t\t<\/div>\n\t\t\t\t\t\t<\/div>\n\t\t\t\t<\/div>\n\t\t\t\t\t<\/div>\n\t\t\t\t<\/div>\n\t\t<div data-particle_enable=\"false\" data-particle-mobile-disabled=\"false\" class=\"elementor-element elementor-element-603c016 e-flex e-con-boxed e-con e-parent\" data-id=\"603c016\" data-element_type=\"container\">\n\t\t\t\t\t<div class=\"e-con-inner\">\n\t\t<div data-particle_enable=\"false\" data-particle-mobile-disabled=\"false\" class=\"elementor-element elementor-element-c32ca51 e-con-full e-flex elementor-invisible e-con e-child\" data-id=\"c32ca51\" data-element_type=\"container\" data-settings=\"{&quot;animation&quot;:&quot;fadeInLeft&quot;}\">\n\t\t\t\t<div class=\"elementor-element elementor-element-0a9da5b elementor-widget elementor-widget-heading\" data-id=\"0a9da5b\" data-element_type=\"widget\" data-widget_type=\"heading.default\">\n\t\t\t\t<div class=\"elementor-widget-container\">\n\t\t\t\t\t<h2 class=\"elementor-heading-title elementor-size-default\">Historia<\/h2>\t\t\t\t<\/div>\n\t\t\t\t<\/div>\n\t\t\t\t<div class=\"elementor-element elementor-element-73cbd02 elementor-widget elementor-widget-heading\" data-id=\"73cbd02\" data-element_type=\"widget\" data-widget_type=\"heading.default\">\n\t\t\t\t<div class=\"elementor-widget-container\">\n\t\t\t\t\t<h2 class=\"elementor-heading-title elementor-size-default\">Nuestra Historia\n<\/h2>\t\t\t\t<\/div>\n\t\t\t\t<\/div>\n\t\t\t\t<div class=\"elementor-element elementor-element-2870770 elementor-widget elementor-widget-text-editor\" data-id=\"2870770\" data-element_type=\"widget\" data-widget_type=\"text-editor.default\">\n\t\t\t\t<div class=\"elementor-widget-container\">\n\t\t\t\t\t\t\t\t\t<p data-start=\"229\" data-end=\"629\">El Ilustre Colegio Oficial de M\u00e9dicos de Le\u00f3n es una corporaci\u00f3n de derecho p\u00fablico, con personalidad jur\u00eddica propia, cuya funci\u00f3n principal es velar por el buen ejercicio de la Medicina en la provincia de Le\u00f3n. La colegiaci\u00f3n es obligatoria para todos aquellos m\u00e9dicos que deseen ejercer en nuestro \u00e1mbito territorial, y el Colegio es responsable del registro de profesionales y sociedades m\u00e9dicas.<\/p>\t\t\t\t\t\t\t\t<\/div>\n\t\t\t\t<\/div>\n\t\t\t\t<\/div>\n\t\t<div data-particle_enable=\"false\" data-particle-mobile-disabled=\"false\" class=\"elementor-element elementor-element-e13a248 e-con-full e-flex elementor-invisible e-con e-child\" data-id=\"e13a248\" data-element_type=\"container\" data-settings=\"{&quot;animation&quot;:&quot;fadeInRight&quot;}\">\n\t\t\t\t<div class=\"elementor-element elementor-element-dce4aac elementor-invisible elementor-widget elementor-widget-image\" data-id=\"dce4aac\" data-element_type=\"widget\" data-settings=\"{&quot;_animation&quot;:&quot;fadeInRight&quot;}\" data-widget_type=\"image.default\">\n\t\t\t\t<div class=\"elementor-widget-container\">\n\t\t\t\t\t\t\t\t\t\t\t\t\t\t\t<img fetchpriority=\"high\" decoding=\"async\" width=\"388\" height=\"600\" src=\"https:\/\/cursopracticoseo.com\/colmed\/wp-content\/uploads\/2025\/07\/Sede-colegial-Plaza-del-Conde-Luna-no-7-Leon.jpg\" class=\"attachment-large size-large wp-image-153\" alt=\"\" srcset=\"https:\/\/cursopracticoseo.com\/colmed\/wp-content\/uploads\/2025\/07\/Sede-colegial-Plaza-del-Conde-Luna-no-7-Leon.jpg 388w, https:\/\/cursopracticoseo.com\/colmed\/wp-content\/uploads\/2025\/07\/Sede-colegial-Plaza-del-Conde-Luna-no-7-Leon-194x300.jpg 194w\" sizes=\"(max-width: 388px) 100vw, 388px\" \/>\t\t\t\t\t\t\t\t\t\t\t\t\t\t\t<\/div>\n\t\t\t\t<\/div>\n\t\t\t\t<\/div>\n\t\t\t\t\t<\/div>\n\t\t\t\t<\/div>\n\t\t<div data-particle_enable=\"false\" data-particle-mobile-disabled=\"false\" class=\"elementor-element elementor-element-2e2c548 e-flex e-con-boxed e-con e-parent\" data-id=\"2e2c548\" data-element_type=\"container\" data-settings=\"{&quot;background_background&quot;:&quot;classic&quot;}\">\n\t\t\t\t\t<div class=\"e-con-inner\">\n\t\t<div data-particle_enable=\"false\" data-particle-mobile-disabled=\"false\" class=\"elementor-element elementor-element-f0ffd44 e-con-full e-flex e-con e-child\" data-id=\"f0ffd44\" data-element_type=\"container\">\n\t\t\t\t<div class=\"elementor-element elementor-element-b0e9ba4 elementor-invisible elementor-widget elementor-widget-image\" data-id=\"b0e9ba4\" data-element_type=\"widget\" data-settings=\"{&quot;_animation&quot;:&quot;fadeInLeft&quot;}\" data-widget_type=\"image.default\">\n\t\t\t\t<div class=\"elementor-widget-container\">\n\t\t\t\t\t\t\t\t\t\t\t\t\t\t\t<img decoding=\"async\" width=\"800\" height=\"534\" src=\"https:\/\/cursopracticoseo.com\/colmed\/wp-content\/uploads\/2025\/07\/355A9197-1024x683.jpg\" class=\"attachment-large size-large wp-image-180\" alt=\"\" srcset=\"https:\/\/cursopracticoseo.com\/colmed\/wp-content\/uploads\/2025\/07\/355A9197-1024x683.jpg 1024w, https:\/\/cursopracticoseo.com\/colmed\/wp-content\/uploads\/2025\/07\/355A9197-300x200.jpg 300w, https:\/\/cursopracticoseo.com\/colmed\/wp-content\/uploads\/2025\/07\/355A9197-768x512.jpg 768w, https:\/\/cursopracticoseo.com\/colmed\/wp-content\/uploads\/2025\/07\/355A9197.jpg 1500w\" sizes=\"(max-width: 800px) 100vw, 800px\" \/>\t\t\t\t\t\t\t\t\t\t\t\t\t\t\t<\/div>\n\t\t\t\t<\/div>\n\t\t\t\t<\/div>\n\t\t<div data-particle_enable=\"false\" data-particle-mobile-disabled=\"false\" class=\"elementor-element elementor-element-13e2fb9 e-con-full e-flex elementor-invisible e-con e-child\" data-id=\"13e2fb9\" data-element_type=\"container\" data-settings=\"{&quot;animation&quot;:&quot;fadeInRight&quot;}\">\n\t\t\t\t<div class=\"elementor-element elementor-element-68415cc elementor-widget elementor-widget-heading\" data-id=\"68415cc\" data-element_type=\"widget\" data-widget_type=\"heading.default\">\n\t\t\t\t<div class=\"elementor-widget-container\">\n\t\t\t\t\t<h2 class=\"elementor-heading-title elementor-size-default\">Historia<\/h2>\t\t\t\t<\/div>\n\t\t\t\t<\/div>\n\t\t\t\t<div class=\"elementor-element elementor-element-46e4af2 elementor-widget elementor-widget-heading\" data-id=\"46e4af2\" data-element_type=\"widget\" data-widget_type=\"heading.default\">\n\t\t\t\t<div class=\"elementor-widget-container\">\n\t\t\t\t\t<h2 class=\"elementor-heading-title elementor-size-default\">Los or\u00edgenes del movimiento colegial\n<\/h2>\t\t\t\t<\/div>\n\t\t\t\t<\/div>\n\t\t\t\t<div class=\"elementor-element elementor-element-35a4b8b elementor-widget elementor-widget-text-editor\" data-id=\"35a4b8b\" data-element_type=\"widget\" data-widget_type=\"text-editor.default\">\n\t\t\t\t<div class=\"elementor-widget-container\">\n\t\t\t\t\t\t\t\t\t<p>La historia de los colegios profesionales en Espa\u00f1a se remonta a 1827, a\u00f1o en que una Real C\u00e9dula aprob\u00f3 el primer Reglamento de los Colegios de Medicina y Cirug\u00eda para el gobierno de los profesionales sanitarios en todo el Reino. M\u00e1s adelante, la Ley Org\u00e1nica de Sanidad de 1855 supuso un hito fundamental, al establecer los Jurados M\u00e9dicos Provinciales de Calificaci\u00f3n, antecesores directos de los actuales colegios m\u00e9dicos.<\/p>\t\t\t\t\t\t\t\t<\/div>\n\t\t\t\t<\/div>\n\t\t\t\t<\/div>\n\t\t\t\t\t<\/div>\n\t\t\t\t<\/div>\n\t\t<div data-particle_enable=\"false\" data-particle-mobile-disabled=\"false\" class=\"elementor-element elementor-element-e6c68b6 e-flex e-con-boxed e-con e-parent\" data-id=\"e6c68b6\" data-element_type=\"container\">\n\t\t\t\t\t<div class=\"e-con-inner\">\n\t\t<div data-particle_enable=\"false\" data-particle-mobile-disabled=\"false\" class=\"elementor-element elementor-element-d487ca0 e-con-full e-flex elementor-invisible e-con e-child\" data-id=\"d487ca0\" data-element_type=\"container\" data-settings=\"{&quot;animation&quot;:&quot;fadeInLeft&quot;}\">\n\t\t\t\t<div class=\"elementor-element elementor-element-9e2be35 elementor-widget elementor-widget-heading\" data-id=\"9e2be35\" data-element_type=\"widget\" data-widget_type=\"heading.default\">\n\t\t\t\t<div class=\"elementor-widget-container\">\n\t\t\t\t\t<h2 class=\"elementor-heading-title elementor-size-default\">Historia<\/h2>\t\t\t\t<\/div>\n\t\t\t\t<\/div>\n\t\t\t\t<div class=\"elementor-element elementor-element-18f3e8a elementor-widget elementor-widget-heading\" data-id=\"18f3e8a\" data-element_type=\"widget\" data-widget_type=\"heading.default\">\n\t\t\t\t<div class=\"elementor-widget-container\">\n\t\t\t\t\t<h2 class=\"elementor-heading-title elementor-size-default\">Nacimiento del Colegio de M\u00e9dicos de Le\u00f3n<\/h2>\t\t\t\t<\/div>\n\t\t\t\t<\/div>\n\t\t\t\t<div class=\"elementor-element elementor-element-5f43cfb elementor-widget elementor-widget-text-editor\" data-id=\"5f43cfb\" data-element_type=\"widget\" data-widget_type=\"text-editor.default\">\n\t\t\t\t<div class=\"elementor-widget-container\">\n\t\t\t\t\t\t\t\t\t<p data-start=\"1148\" data-end=\"1469\">Seg\u00fan recoge el Dr. Jos\u00e9 Fern\u00e1ndez Arienza en su estudio hist\u00f3rico, la primera referencia documentada sobre nuestro Colegio data de 1898. Ese a\u00f1o, bajo la presidencia de D. Lorenzo Mallo, se constituye el Colegio de M\u00e9dicos de Le\u00f3n tras la promulgaci\u00f3n del Real Decreto de estatutos firmado por la Regente Mar\u00eda Cristina.<\/p><p data-start=\"1471\" data-end=\"1741\">La consolidaci\u00f3n de la uni\u00f3n colegial lleg\u00f3 en 1917, gracias a otro Real Decreto, esta vez firmado por Alfonso XIII, que permiti\u00f3 la creaci\u00f3n del Patronato de Hu\u00e9rfanos de M\u00e9dicos. Este avance social fue impulsado por el presidente de entonces, D. Emilio Hurtado Merino.<\/p>\t\t\t\t\t\t\t\t<\/div>\n\t\t\t\t<\/div>\n\t\t\t\t<\/div>\n\t\t<div data-particle_enable=\"false\" data-particle-mobile-disabled=\"false\" class=\"elementor-element elementor-element-0f3da89 e-con-full e-flex elementor-invisible e-con e-child\" data-id=\"0f3da89\" data-element_type=\"container\" data-settings=\"{&quot;animation&quot;:&quot;fadeInRight&quot;}\">\n\t\t\t\t<div class=\"elementor-element elementor-element-3899d6d elementor-invisible elementor-widget elementor-widget-image\" data-id=\"3899d6d\" data-element_type=\"widget\" data-settings=\"{&quot;_animation&quot;:&quot;fadeInRight&quot;}\" data-widget_type=\"image.default\">\n\t\t\t\t<div class=\"elementor-widget-container\">\n\t\t\t\t\t\t\t\t\t\t\t\t\t\t\t<img decoding=\"async\" width=\"800\" height=\"441\" src=\"https:\/\/cursopracticoseo.com\/colmed\/wp-content\/uploads\/2025\/07\/vidrieras-1024x565.jpg\" class=\"attachment-large size-large wp-image-102\" alt=\"\" srcset=\"https:\/\/cursopracticoseo.com\/colmed\/wp-content\/uploads\/2025\/07\/vidrieras-1024x565.jpg 1024w, https:\/\/cursopracticoseo.com\/colmed\/wp-content\/uploads\/2025\/07\/vidrieras-300x166.jpg 300w, https:\/\/cursopracticoseo.com\/colmed\/wp-content\/uploads\/2025\/07\/vidrieras-768x424.jpg 768w, https:\/\/cursopracticoseo.com\/colmed\/wp-content\/uploads\/2025\/07\/vidrieras.jpg 1500w\" sizes=\"(max-width: 800px) 100vw, 800px\" \/>\t\t\t\t\t\t\t\t\t\t\t\t\t\t\t<\/div>\n\t\t\t\t<\/div>\n\t\t\t\t<\/div>\n\t\t\t\t\t<\/div>\n\t\t\t\t<\/div>\n\t\t<div data-particle_enable=\"false\" data-particle-mobile-disabled=\"false\" class=\"elementor-element elementor-element-c78fb42 e-flex e-con-boxed e-con e-parent\" data-id=\"c78fb42\" data-element_type=\"container\" data-settings=\"{&quot;background_background&quot;:&quot;classic&quot;}\">\n\t\t\t\t\t<div class=\"e-con-inner\">\n\t\t<div data-particle_enable=\"false\" data-particle-mobile-disabled=\"false\" class=\"elementor-element elementor-element-7d69b34 e-con-full e-flex e-con e-child\" data-id=\"7d69b34\" data-element_type=\"container\">\n\t\t\t\t<div class=\"elementor-element elementor-element-ff1dd48 elementor-invisible elementor-widget elementor-widget-image\" data-id=\"ff1dd48\" data-element_type=\"widget\" data-settings=\"{&quot;_animation&quot;:&quot;fadeInLeft&quot;}\" data-widget_type=\"image.default\">\n\t\t\t\t<div class=\"elementor-widget-container\">\n\t\t\t\t\t\t\t\t\t\t\t\t\t\t\t<img loading=\"lazy\" decoding=\"async\" width=\"800\" height=\"545\" src=\"https:\/\/cursopracticoseo.com\/colmed\/wp-content\/uploads\/2025\/07\/355A9130-1024x698.jpg\" class=\"attachment-large size-large wp-image-189\" alt=\"\" srcset=\"https:\/\/cursopracticoseo.com\/colmed\/wp-content\/uploads\/2025\/07\/355A9130-1024x698.jpg 1024w, https:\/\/cursopracticoseo.com\/colmed\/wp-content\/uploads\/2025\/07\/355A9130-300x204.jpg 300w, https:\/\/cursopracticoseo.com\/colmed\/wp-content\/uploads\/2025\/07\/355A9130-768x523.jpg 768w, https:\/\/cursopracticoseo.com\/colmed\/wp-content\/uploads\/2025\/07\/355A9130.jpg 1500w\" sizes=\"(max-width: 800px) 100vw, 800px\" \/>\t\t\t\t\t\t\t\t\t\t\t\t\t\t\t<\/div>\n\t\t\t\t<\/div>\n\t\t\t\t<\/div>\n\t\t<div data-particle_enable=\"false\" data-particle-mobile-disabled=\"false\" class=\"elementor-element elementor-element-357e436 e-con-full e-flex elementor-invisible e-con e-child\" data-id=\"357e436\" data-element_type=\"container\" data-settings=\"{&quot;animation&quot;:&quot;fadeInRight&quot;}\">\n\t\t\t\t<div class=\"elementor-element elementor-element-281ca7c elementor-widget elementor-widget-heading\" data-id=\"281ca7c\" data-element_type=\"widget\" data-widget_type=\"heading.default\">\n\t\t\t\t<div class=\"elementor-widget-container\">\n\t\t\t\t\t<h2 class=\"elementor-heading-title elementor-size-default\">Historia<\/h2>\t\t\t\t<\/div>\n\t\t\t\t<\/div>\n\t\t\t\t<div class=\"elementor-element elementor-element-05e30a3 elementor-widget elementor-widget-heading\" data-id=\"05e30a3\" data-element_type=\"widget\" data-widget_type=\"heading.default\">\n\t\t\t\t<div class=\"elementor-widget-container\">\n\t\t\t\t\t<h2 class=\"elementor-heading-title elementor-size-default\">Primeros pasos y crecimiento\n<\/h2>\t\t\t\t<\/div>\n\t\t\t\t<\/div>\n\t\t\t\t<div class=\"elementor-element elementor-element-fed62da elementor-widget elementor-widget-text-editor\" data-id=\"fed62da\" data-element_type=\"widget\" data-widget_type=\"text-editor.default\">\n\t\t\t\t<div class=\"elementor-widget-container\">\n\t\t\t\t\t\t\t\t\t<p data-start=\"1777\" data-end=\"1939\">En 1918, bajo la presidencia de D. Ram\u00f3n Garc\u00eda y Ponce, el Colegio estableci\u00f3 su sede en el n\u00ba 7 de la Plaza de Conde Luna y edit\u00f3 su primer bolet\u00edn informativo.<\/p><p data-start=\"1941\" data-end=\"2285\">Durante los a\u00f1os siguientes, la actividad colegial no dej\u00f3 de crecer. En los a\u00f1os 20, con D. F\u00e9lix Salgado al frente, se traslad\u00f3 la sede a la Plaza del Cid n\u00ba 8, y se continu\u00f3 con la edici\u00f3n del bolet\u00edn \u201cUni\u00f3n Sanitaria de Le\u00f3n\u201d, centrado en los principales retos de la profesi\u00f3n, como la denuncia de adjudicaciones ilegales de plazas m\u00e9dicas.<\/p><p data-start=\"2287\" data-end=\"2628\">Entre 1925 y 1929, el presidente D. Faustino Bard\u00f3n Sabugo impuls\u00f3 la creaci\u00f3n del <strong data-start=\"2370\" data-end=\"2395\">Socorro por Defunci\u00f3n<\/strong>, un precedente del sistema de ayudas a viudas de m\u00e9dicos. Y en 1930 se dio un paso m\u00e1s con la fundaci\u00f3n de <strong data-start=\"2503\" data-end=\"2532\">Previsi\u00f3n M\u00e9dica Nacional<\/strong>, destinada a ofrecer subsidios a viudas y hu\u00e9rfanos, conocida despu\u00e9s como Previsi\u00f3n Sanitaria.<\/p>\t\t\t\t\t\t\t\t<\/div>\n\t\t\t\t<\/div>\n\t\t\t\t<\/div>\n\t\t\t\t\t<\/div>\n\t\t\t\t<\/div>\n\t\t<div data-particle_enable=\"false\" data-particle-mobile-disabled=\"false\" class=\"elementor-element elementor-element-2fa2588 e-flex e-con-boxed e-con e-parent\" data-id=\"2fa2588\" data-element_type=\"container\">\n\t\t\t\t\t<div class=\"e-con-inner\">\n\t\t<div data-particle_enable=\"false\" data-particle-mobile-disabled=\"false\" class=\"elementor-element elementor-element-3b6ee69 e-con-full e-flex elementor-invisible e-con e-child\" data-id=\"3b6ee69\" data-element_type=\"container\" data-settings=\"{&quot;animation&quot;:&quot;fadeInLeft&quot;}\">\n\t\t\t\t<div class=\"elementor-element elementor-element-ef147bf elementor-widget elementor-widget-heading\" data-id=\"ef147bf\" data-element_type=\"widget\" data-widget_type=\"heading.default\">\n\t\t\t\t<div class=\"elementor-widget-container\">\n\t\t\t\t\t<h2 class=\"elementor-heading-title elementor-size-default\">Historia<\/h2>\t\t\t\t<\/div>\n\t\t\t\t<\/div>\n\t\t\t\t<div class=\"elementor-element elementor-element-7e1cf15 elementor-widget elementor-widget-heading\" data-id=\"7e1cf15\" data-element_type=\"widget\" data-widget_type=\"heading.default\">\n\t\t\t\t<div class=\"elementor-widget-container\">\n\t\t\t\t\t<h2 class=\"elementor-heading-title elementor-size-default\">La reorganizaci\u00f3n tras la Guerra Civil\n<\/h2>\t\t\t\t<\/div>\n\t\t\t\t<\/div>\n\t\t\t\t<div class=\"elementor-element elementor-element-516adb8 elementor-widget elementor-widget-text-editor\" data-id=\"516adb8\" data-element_type=\"widget\" data-widget_type=\"text-editor.default\">\n\t\t\t\t<div class=\"elementor-widget-container\">\n\t\t\t\t\t\t\t\t\t<p data-start=\"2674\" data-end=\"2850\">En 1940, tras la Guerra Civil, se reorganizaron los Colegios de M\u00e9dicos. En Le\u00f3n se constituy\u00f3 el Consejo Provincial del Colegio, presidido por D. Olegario Llamazares del Olmo.<\/p><p data-start=\"2852\" data-end=\"3204\">Durante esta etapa se desarrollaron importantes avances sociales y legislativos: en 1942 se implant\u00f3 el Seguro Obligatorio de Enfermedad, y en 1944 se promulg\u00f3 la Ley B\u00e1sica de Sanidad Nacional. En 1947 se instaur\u00f3 el R\u00e9gimen de Igualas y se comenzaron a construir viviendas para m\u00e9dicos titulares. D. Justo Vega Fern\u00e1ndez presid\u00eda entonces el Colegio.<\/p>\t\t\t\t\t\t\t\t<\/div>\n\t\t\t\t<\/div>\n\t\t\t\t<\/div>\n\t\t<div data-particle_enable=\"false\" data-particle-mobile-disabled=\"false\" class=\"elementor-element elementor-element-8625675 e-con-full e-flex elementor-invisible e-con e-child\" data-id=\"8625675\" data-element_type=\"container\" data-settings=\"{&quot;animation&quot;:&quot;fadeInRight&quot;}\">\n\t\t\t\t<div class=\"elementor-element elementor-element-40b1ad2 elementor-invisible elementor-widget elementor-widget-image\" data-id=\"40b1ad2\" data-element_type=\"widget\" data-settings=\"{&quot;_animation&quot;:&quot;fadeInRight&quot;}\" data-widget_type=\"image.default\">\n\t\t\t\t<div class=\"elementor-widget-container\">\n\t\t\t\t\t\t\t\t\t\t\t\t\t\t\t<img loading=\"lazy\" decoding=\"async\" width=\"726\" height=\"1024\" src=\"https:\/\/cursopracticoseo.com\/colmed\/wp-content\/uploads\/2025\/09\/IMG_6158-726x1024.jpg\" class=\"attachment-large size-large wp-image-1285\" alt=\"\" srcset=\"https:\/\/cursopracticoseo.com\/colmed\/wp-content\/uploads\/2025\/09\/IMG_6158-726x1024.jpg 726w, https:\/\/cursopracticoseo.com\/colmed\/wp-content\/uploads\/2025\/09\/IMG_6158-213x300.jpg 213w, https:\/\/cursopracticoseo.com\/colmed\/wp-content\/uploads\/2025\/09\/IMG_6158-768x1084.jpg 768w, https:\/\/cursopracticoseo.com\/colmed\/wp-content\/uploads\/2025\/09\/IMG_6158-1089x1536.jpg 1089w, https:\/\/cursopracticoseo.com\/colmed\/wp-content\/uploads\/2025\/09\/IMG_6158.jpg 1200w\" sizes=\"(max-width: 726px) 100vw, 726px\" \/>\t\t\t\t\t\t\t\t\t\t\t\t\t\t\t<\/div>\n\t\t\t\t<\/div>\n\t\t\t\t<\/div>\n\t\t\t\t\t<\/div>\n\t\t\t\t<\/div>\n\t\t<div data-particle_enable=\"false\" data-particle-mobile-disabled=\"false\" class=\"elementor-element elementor-element-14ef794 e-flex e-con-boxed e-con e-parent\" data-id=\"14ef794\" data-element_type=\"container\" data-settings=\"{&quot;background_background&quot;:&quot;classic&quot;}\">\n\t\t\t\t\t<div class=\"e-con-inner\">\n\t\t<div data-particle_enable=\"false\" data-particle-mobile-disabled=\"false\" class=\"elementor-element elementor-element-acc7e6f e-con-full e-flex e-con e-child\" data-id=\"acc7e6f\" data-element_type=\"container\">\n\t\t\t\t<div class=\"elementor-element elementor-element-7fc5a58 elementor-invisible elementor-widget elementor-widget-image\" data-id=\"7fc5a58\" data-element_type=\"widget\" data-settings=\"{&quot;_animation&quot;:&quot;fadeInLeft&quot;}\" data-widget_type=\"image.default\">\n\t\t\t\t<div class=\"elementor-widget-container\">\n\t\t\t\t\t\t\t\t\t\t\t\t\t\t\t<img loading=\"lazy\" decoding=\"async\" width=\"800\" height=\"559\" src=\"https:\/\/cursopracticoseo.com\/colmed\/wp-content\/uploads\/2025\/09\/Captura-de-pantalla-2025-09-02-a-las-11.50.48-1024x716.png\" class=\"attachment-large size-large wp-image-1281\" alt=\"\" srcset=\"https:\/\/cursopracticoseo.com\/colmed\/wp-content\/uploads\/2025\/09\/Captura-de-pantalla-2025-09-02-a-las-11.50.48-1024x716.png 1024w, https:\/\/cursopracticoseo.com\/colmed\/wp-content\/uploads\/2025\/09\/Captura-de-pantalla-2025-09-02-a-las-11.50.48-300x210.png 300w, https:\/\/cursopracticoseo.com\/colmed\/wp-content\/uploads\/2025\/09\/Captura-de-pantalla-2025-09-02-a-las-11.50.48-768x537.png 768w, https:\/\/cursopracticoseo.com\/colmed\/wp-content\/uploads\/2025\/09\/Captura-de-pantalla-2025-09-02-a-las-11.50.48-1536x1074.png 1536w, https:\/\/cursopracticoseo.com\/colmed\/wp-content\/uploads\/2025\/09\/Captura-de-pantalla-2025-09-02-a-las-11.50.48.png 1750w\" sizes=\"(max-width: 800px) 100vw, 800px\" \/>\t\t\t\t\t\t\t\t\t\t\t\t\t\t\t<\/div>\n\t\t\t\t<\/div>\n\t\t\t\t<\/div>\n\t\t<div data-particle_enable=\"false\" data-particle-mobile-disabled=\"false\" class=\"elementor-element elementor-element-61cea96 e-con-full e-flex elementor-invisible e-con e-child\" data-id=\"61cea96\" data-element_type=\"container\" data-settings=\"{&quot;animation&quot;:&quot;fadeInRight&quot;}\">\n\t\t\t\t<div class=\"elementor-element elementor-element-46f30eb elementor-widget elementor-widget-heading\" data-id=\"46f30eb\" data-element_type=\"widget\" data-widget_type=\"heading.default\">\n\t\t\t\t<div class=\"elementor-widget-container\">\n\t\t\t\t\t<h2 class=\"elementor-heading-title elementor-size-default\">Historia<\/h2>\t\t\t\t<\/div>\n\t\t\t\t<\/div>\n\t\t\t\t<div class=\"elementor-element elementor-element-e4834d8 elementor-widget elementor-widget-heading\" data-id=\"e4834d8\" data-element_type=\"widget\" data-widget_type=\"heading.default\">\n\t\t\t\t<div class=\"elementor-widget-container\">\n\t\t\t\t\t<h2 class=\"elementor-heading-title elementor-size-default\">Consolidaci\u00f3n institucional y expansi\u00f3n\n<\/h2>\t\t\t\t<\/div>\n\t\t\t\t<\/div>\n\t\t\t\t<div class=\"elementor-element elementor-element-d84802f elementor-widget elementor-widget-text-editor\" data-id=\"d84802f\" data-element_type=\"widget\" data-widget_type=\"text-editor.default\">\n\t\t\t\t<div class=\"elementor-widget-container\">\n\t\t\t\t\t\t\t\t\t<p data-start=\"3251\" data-end=\"3429\">En 1952, el presidente D. Jos\u00e9 Eguigaray Pallares impuls\u00f3 la construcci\u00f3n de una nueva sede colegial, que fue inaugurada en noviembre de 1953, incorporando adem\u00e1s una residencia.<\/p><p data-start=\"3431\" data-end=\"3650\">En 1964, tras d\u00e9cadas sin elecciones, se retom\u00f3 el proceso democr\u00e1tico interno, resultando elegido D. Vicente Serrano Serrano. Ese mismo a\u00f1o se public\u00f3 el n\u00ba 1 del <strong data-start=\"3595\" data-end=\"3649\">Bolet\u00edn Informativo del Colegio de M\u00e9dicos de Le\u00f3n<\/strong>.<\/p><p data-start=\"3652\" data-end=\"3753\">La expansi\u00f3n territorial se reflej\u00f3 en 1974 con la inauguraci\u00f3n de la sede del Colegio en Ponferrada.<\/p>\t\t\t\t\t\t\t\t<\/div>\n\t\t\t\t<\/div>\n\t\t\t\t<\/div>\n\t\t\t\t\t<\/div>\n\t\t\t\t<\/div>\n\t\t<div data-particle_enable=\"false\" data-particle-mobile-disabled=\"false\" class=\"elementor-element elementor-element-ac0d8d1 e-flex e-con-boxed e-con e-parent\" data-id=\"ac0d8d1\" data-element_type=\"container\">\n\t\t\t\t\t<div class=\"e-con-inner\">\n\t\t<div data-particle_enable=\"false\" data-particle-mobile-disabled=\"false\" class=\"elementor-element elementor-element-abc9204 e-con-full e-flex elementor-invisible e-con e-child\" data-id=\"abc9204\" data-element_type=\"container\" data-settings=\"{&quot;animation&quot;:&quot;fadeInLeft&quot;}\">\n\t\t\t\t<div class=\"elementor-element elementor-element-f989c1f elementor-widget elementor-widget-heading\" data-id=\"f989c1f\" data-element_type=\"widget\" data-widget_type=\"heading.default\">\n\t\t\t\t<div class=\"elementor-widget-container\">\n\t\t\t\t\t<h2 class=\"elementor-heading-title elementor-size-default\">Historia<\/h2>\t\t\t\t<\/div>\n\t\t\t\t<\/div>\n\t\t\t\t<div class=\"elementor-element elementor-element-eff9cf7 elementor-widget elementor-widget-heading\" data-id=\"eff9cf7\" data-element_type=\"widget\" data-widget_type=\"heading.default\">\n\t\t\t\t<div class=\"elementor-widget-container\">\n\t\t\t\t\t<h2 class=\"elementor-heading-title elementor-size-default\">Un colegio moderno y abierto a la sociedad\n<\/h2>\t\t\t\t<\/div>\n\t\t\t\t<\/div>\n\t\t\t\t<div class=\"elementor-element elementor-element-fd1bf5d elementor-widget elementor-widget-text-editor\" data-id=\"fd1bf5d\" data-element_type=\"widget\" data-widget_type=\"text-editor.default\">\n\t\t\t\t<div class=\"elementor-widget-container\">\n\t\t\t\t\t\t\t\t\t<p data-start=\"3803\" data-end=\"4018\">En 1992, el Colegio vivi\u00f3 uno de sus momentos m\u00e1s destacados con la visita y conferencia del Premio Nobel Dr. Severo Ochoa, en un acto multitudinario celebrado bajo la presidencia del Dr. Salustiano L\u00f3pez Contreras.<\/p><p data-start=\"4020\" data-end=\"4249\">Tres a\u00f1os despu\u00e9s, en 1995, se conmemor\u00f3 el <strong data-start=\"4064\" data-end=\"4090\">centenario del Colegio<\/strong>, con la presencia del Ministro de Sanidad, D. Jos\u00e9 Manuel Romay Beccar\u00eda, y una serie de actos organizados por el entonces presidente Dr. Jos\u00e9 Manuel Caunedo.<\/p><p data-start=\"4251\" data-end=\"4571\">Durante la presidencia de D. Jos\u00e9 Luis D\u00edaz Villarig, en 2005, se acometi\u00f3 una <strong data-start=\"4330\" data-end=\"4370\">reforma integral de la sede colegial<\/strong>, modernizando sus instalaciones y dot\u00e1ndolas de nuevas tecnolog\u00edas. Adem\u00e1s, se inaugur\u00f3 el <strong data-start=\"4462\" data-end=\"4499\">Centro de Reconocimientos M\u00e9dicos<\/strong>, que se convirti\u00f3 en un importante pilar econ\u00f3mico para la instituci\u00f3n.<\/p><p data-start=\"4573\" data-end=\"4715\">En 2010 se realizaron tambi\u00e9n importantes mejoras en la sede de Ponferrada, adapt\u00e1ndola a las nuevas necesidades profesionales y tecnol\u00f3gicas.<\/p>\t\t\t\t\t\t\t\t<\/div>\n\t\t\t\t<\/div>\n\t\t\t\t<\/div>\n\t\t<div data-particle_enable=\"false\" data-particle-mobile-disabled=\"false\" class=\"elementor-element elementor-element-0557822 e-con-full e-flex elementor-invisible e-con e-child\" data-id=\"0557822\" data-element_type=\"container\" data-settings=\"{&quot;animation&quot;:&quot;fadeInRight&quot;}\">\n\t\t\t\t<div class=\"elementor-element elementor-element-27744db elementor-invisible elementor-widget elementor-widget-image\" data-id=\"27744db\" data-element_type=\"widget\" data-settings=\"{&quot;_animation&quot;:&quot;fadeInRight&quot;}\" data-widget_type=\"image.default\">\n\t\t\t\t<div class=\"elementor-widget-container\">\n\t\t\t\t\t\t\t\t\t\t\t\t\t\t\t<img loading=\"lazy\" decoding=\"async\" width=\"800\" height=\"545\" src=\"https:\/\/cursopracticoseo.com\/colmed\/wp-content\/uploads\/2025\/07\/355A9130-1024x698.jpg\" class=\"attachment-large size-large wp-image-189\" alt=\"\" srcset=\"https:\/\/cursopracticoseo.com\/colmed\/wp-content\/uploads\/2025\/07\/355A9130-1024x698.jpg 1024w, https:\/\/cursopracticoseo.com\/colmed\/wp-content\/uploads\/2025\/07\/355A9130-300x204.jpg 300w, https:\/\/cursopracticoseo.com\/colmed\/wp-content\/uploads\/2025\/07\/355A9130-768x523.jpg 768w, https:\/\/cursopracticoseo.com\/colmed\/wp-content\/uploads\/2025\/07\/355A9130.jpg 1500w\" sizes=\"(max-width: 800px) 100vw, 800px\" \/>\t\t\t\t\t\t\t\t\t\t\t\t\t\t\t<\/div>\n\t\t\t\t<\/div>\n\t\t\t\t<\/div>\n\t\t\t\t\t<\/div>\n\t\t\t\t<\/div>\n\t\t\t\t<\/div>\n\t\t","protected":false},"excerpt":{"rendered":"<p>Inicio \/ P\u00e1gina Nuestra Historia El Ilustre Colegio Oficial de M\u00e9dicos de Le\u00f3n es una corporaci\u00f3n de derecho p\u00fablico, con personalidad jur\u00eddica propia, cuya funci\u00f3n principal es velar por el buen ejercicio de la Medicina en la provincia de Le\u00f3n. La colegiaci\u00f3n es obligatoria para todos aquellos m\u00e9dicos que deseen ejercer en nuestro \u00e1mbito territorial, [&hellip;]<\/p>\n","protected":false},"author":1,"featured_media":0,"parent":51,"menu_order":0,"comment_status":"closed","ping_status":"closed","template":"","meta":{"footnotes":""},"class_list":["post-127","page","type-page","status-publish","hentry"],"_links":{"self":[{"href":"https:\/\/cursopracticoseo.com\/colmed\/wp-json\/wp\/v2\/pages\/127","targetHints":{"allow":["GET"]}}],"collection":[{"href":"https:\/\/cursopracticoseo.com\/colmed\/wp-json\/wp\/v2\/pages"}],"about":[{"href":"https:\/\/cursopracticoseo.com\/colmed\/wp-json\/wp\/v2\/types\/page"}],"author":[{"embeddable":true,"href":"https:\/\/cursopracticoseo.com\/colmed\/wp-json\/wp\/v2\/users\/1"}],"replies":[{"embeddable":true,"href":"https:\/\/cursopracticoseo.com\/colmed\/wp-json\/wp\/v2\/comments?post=127"}],"version-history":[{"count":55,"href":"https:\/\/cursopracticoseo.com\/colmed\/wp-json\/wp\/v2\/pages\/127\/revisions"}],"predecessor-version":[{"id":1297,"href":"https:\/\/cursopracticoseo.com\/colmed\/wp-json\/wp\/v2\/pages\/127\/revisions\/1297"}],"up":[{"embeddable":true,"href":"https:\/\/cursopracticoseo.com\/colmed\/wp-json\/wp\/v2\/pages\/51"}],"wp:attachment":[{"href":"https:\/\/cursopracticoseo.com\/colmed\/wp-json\/wp\/v2\/media?parent=127"}],"curies":[{"name":"wp","href":"https:\/\/api.w.org\/{rel}","templated":true}]}}