{"id":449,"date":"2025-08-12T10:19:24","date_gmt":"2025-08-12T10:19:24","guid":{"rendered":"https:\/\/cursopracticoseo.com\/colmed\/?page_id=449"},"modified":"2025-09-02T11:54:52","modified_gmt":"2025-09-02T11:54:52","slug":"comunicacion","status":"publish","type":"page","link":"https:\/\/cursopracticoseo.com\/colmed\/comunicacion\/","title":{"rendered":"Comunicaci\u00f3n"},"content":{"rendered":"\t\t<div data-elementor-type=\"wp-page\" data-elementor-id=\"449\" class=\"elementor elementor-449\" data-elementor-post-type=\"page\">\n\t\t\t\t<div data-particle_enable=\"false\" data-particle-mobile-disabled=\"false\" class=\"elementor-element elementor-element-6c7f57b e-flex e-con-boxed e-con e-parent\" data-id=\"6c7f57b\" data-element_type=\"container\" data-settings=\"{&quot;background_background&quot;:&quot;classic&quot;}\">\n\t\t\t\t\t<div class=\"e-con-inner\">\n\t\t\t\t<div class=\"elementor-element elementor-element-5782da1 elementor-invisible elementor-widget elementor-widget-heading\" data-id=\"5782da1\" data-element_type=\"widget\" data-settings=\"{&quot;motion_fx_motion_fx_mouse&quot;:&quot;yes&quot;,&quot;_animation&quot;:&quot;fadeInLeft&quot;}\" data-widget_type=\"heading.default\">\n\t\t\t\t<div class=\"elementor-widget-container\">\n\t\t\t\t\t<h2 class=\"elementor-heading-title elementor-size-default\">Comunicaci\u00f3n<\/h2>\t\t\t\t<\/div>\n\t\t\t\t<\/div>\n\t\t\t\t<div class=\"elementor-element elementor-element-8473793 elementor-widget elementor-widget-eael-breadcrumbs\" data-id=\"8473793\" data-element_type=\"widget\" data-widget_type=\"eael-breadcrumbs.default\">\n\t\t\t\t<div class=\"elementor-widget-container\">\n\t\t\t\t\t\t\t<div class=\"eael-breadcrumbs\">\n\t\t\t<div class=\"eael-breadcrumbs__content\"><a href=\"https:\/\/cursopracticoseo.com\/colmed\">Inicio<\/a> <span class=\"eael-breadcrumb-separator\">\/<\/span> <span class = \"eael-current\">P\u00e1gina<\/span><\/div>\t\t<\/div>\n\t\t\t\t\t\t<\/div>\n\t\t\t\t<\/div>\n\t\t\t\t\t<\/div>\n\t\t\t\t<\/div>\n\t\t<div data-particle_enable=\"false\" data-particle-mobile-disabled=\"false\" class=\"elementor-element elementor-element-603c016 e-flex e-con-boxed e-con e-parent\" data-id=\"603c016\" data-element_type=\"container\">\n\t\t\t\t\t<div class=\"e-con-inner\">\n\t\t<div data-particle_enable=\"false\" data-particle-mobile-disabled=\"false\" class=\"elementor-element elementor-element-c32ca51 e-con-full e-flex elementor-invisible e-con e-child\" data-id=\"c32ca51\" data-element_type=\"container\" data-settings=\"{&quot;animation&quot;:&quot;fadeInLeft&quot;}\">\n\t\t\t\t<div class=\"elementor-element elementor-element-2870770 elementor-widget elementor-widget-text-editor\" data-id=\"2870770\" data-element_type=\"widget\" data-widget_type=\"text-editor.default\">\n\t\t\t\t<div class=\"elementor-widget-container\">\n\t\t\t\t\t\t\t\t\t<p data-start=\"217\" data-end=\"514\">El Ilustre Colegio Oficial de M\u00e9dicos de Le\u00f3n es una corporaci\u00f3n de derecho p\u00fablico que representa, defiende y ordena el ejercicio de la profesi\u00f3n m\u00e9dica en la provincia de Le\u00f3n. Nuestra labor se basa en garantizar una pr\u00e1ctica m\u00e9dica \u00e9tica, responsable y orientada al bienestar de los ciudadanos.<\/p><p data-start=\"516\" data-end=\"710\">Trabajamos por y para el m\u00e9dico, promoviendo la formaci\u00f3n continua, la calidad asistencial y el compromiso social, en coordinaci\u00f3n con las instituciones sanitarias, acad\u00e9micas y administrativas.<\/p>\t\t\t\t\t\t\t\t<\/div>\n\t\t\t\t<\/div>\n\t\t\t\t<div class=\"elementor-element elementor-element-07d2a97 e-n-tabs-mobile elementor-widget elementor-widget-n-tabs\" data-id=\"07d2a97\" data-element_type=\"widget\" data-settings=\"{&quot;horizontal_scroll&quot;:&quot;disable&quot;}\" data-widget_type=\"nested-tabs.default\">\n\t\t\t\t<div class=\"elementor-widget-container\">\n\t\t\t\t\t\t\t<div class=\"e-n-tabs\" data-widget-number=\"8202903\" aria-label=\"Pesta\u00f1as. Abre elementos con Intro o Espacio, ci\u00e9rralos con Escape y navega con las fechas.\">\n\t\t\t<div class=\"e-n-tabs-heading\" role=\"tablist\">\n\t\t\t\t\t<button id=\"e-n-tab-title-82029031\" class=\"e-n-tab-title\" aria-selected=\"true\" data-tab-index=\"1\" role=\"tab\" tabindex=\"0\" aria-controls=\"e-n-tab-content-82029031\" style=\"--n-tabs-title-order: 1;\">\n\t\t\t\t\t\t<span class=\"e-n-tab-title-text\">\n\t\t\t\tNoticias\t\t\t<\/span>\n\t\t<\/button>\n\t\t\t\t<button id=\"e-n-tab-title-82029032\" class=\"e-n-tab-title\" aria-selected=\"false\" data-tab-index=\"2\" role=\"tab\" tabindex=\"-1\" aria-controls=\"e-n-tab-content-82029032\" style=\"--n-tabs-title-order: 2;\">\n\t\t\t\t\t\t<span class=\"e-n-tab-title-text\">\n\t\t\t\tNota de prensa\t\t\t<\/span>\n\t\t<\/button>\n\t\t\t\t<button id=\"e-n-tab-title-82029033\" class=\"e-n-tab-title\" aria-selected=\"false\" data-tab-index=\"3\" role=\"tab\" tabindex=\"-1\" aria-controls=\"e-n-tab-content-82029033\" style=\"--n-tabs-title-order: 3;\">\n\t\t\t\t\t\t<span class=\"e-n-tab-title-text\">\n\t\t\t\tMIR\t\t\t<\/span>\n\t\t<\/button>\n\t\t\t\t<button id=\"e-n-tab-title-82029034\" class=\"e-n-tab-title\" aria-selected=\"false\" data-tab-index=\"4\" role=\"tab\" tabindex=\"-1\" aria-controls=\"e-n-tab-content-82029034\" style=\"--n-tabs-title-order: 4;\">\n\t\t\t\t\t\t<span class=\"e-n-tab-title-text\">\n\t\t\t\tLibros\t\t\t<\/span>\n\t\t<\/button>\n\t\t\t\t\t<\/div>\n\t\t\t<div class=\"e-n-tabs-content\">\n\t\t\t\t<div data-particle_enable=\"false\" data-particle-mobile-disabled=\"false\" id=\"e-n-tab-content-82029031\" role=\"tabpanel\" aria-labelledby=\"e-n-tab-title-82029031\" data-tab-index=\"1\" style=\"--n-tabs-title-order: 1;\" class=\"e-active elementor-element elementor-element-1a73894 e-con-full e-flex e-con e-child\" data-id=\"1a73894\" data-element_type=\"container\">\n\t\t<div data-particle_enable=\"false\" data-particle-mobile-disabled=\"false\" class=\"elementor-element elementor-element-d496881 e-flex e-con-boxed e-con e-child\" data-id=\"d496881\" data-element_type=\"container\">\n\t\t\t\t\t<div class=\"e-con-inner\">\n\t\t\t\t<div class=\"elementor-element elementor-element-657f3de elementor-grid-3 elementor-grid-tablet-2 elementor-grid-mobile-1 elementor-posts--thumbnail-top elementor-widget elementor-widget-posts\" data-id=\"657f3de\" data-element_type=\"widget\" data-settings=\"{&quot;classic_columns&quot;:&quot;3&quot;,&quot;classic_columns_tablet&quot;:&quot;2&quot;,&quot;classic_columns_mobile&quot;:&quot;1&quot;,&quot;classic_row_gap&quot;:{&quot;unit&quot;:&quot;px&quot;,&quot;size&quot;:35,&quot;sizes&quot;:[]},&quot;classic_row_gap_tablet&quot;:{&quot;unit&quot;:&quot;px&quot;,&quot;size&quot;:&quot;&quot;,&quot;sizes&quot;:[]},&quot;classic_row_gap_mobile&quot;:{&quot;unit&quot;:&quot;px&quot;,&quot;size&quot;:&quot;&quot;,&quot;sizes&quot;:[]}}\" data-widget_type=\"posts.classic\">\n\t\t\t\t<div class=\"elementor-widget-container\">\n\t\t\t\t\t\t\t<div class=\"elementor-posts-container elementor-posts elementor-posts--skin-classic elementor-grid\">\n\t\t\t\t<article class=\"elementor-post elementor-grid-item post-1421 post type-post status-publish format-standard has-post-thumbnail hentry category-noticias\">\n\t\t\t\t<a class=\"elementor-post__thumbnail__link\" href=\"https:\/\/cursopracticoseo.com\/colmed\/el-presidente-del-colegio-oficial-de-medicos-de-castilla-y-leon-asegura-que-el-debate-sobre-la-atencion-primaria-y-el-sistema-sanitario-en-general-va-a-tener-mucho-recorrido%c2%9d\/\" tabindex=\"-1\" >\n\t\t\t<div class=\"elementor-post__thumbnail\"><img fetchpriority=\"high\" decoding=\"async\" width=\"300\" height=\"200\" src=\"https:\/\/cursopracticoseo.com\/colmed\/wp-content\/uploads\/2025\/08\/2-300x200.jpg\" class=\"attachment-medium size-medium wp-image-993\" alt=\"\" srcset=\"https:\/\/cursopracticoseo.com\/colmed\/wp-content\/uploads\/2025\/08\/2-300x200.jpg 300w, https:\/\/cursopracticoseo.com\/colmed\/wp-content\/uploads\/2025\/08\/2-1024x683.jpg 1024w, https:\/\/cursopracticoseo.com\/colmed\/wp-content\/uploads\/2025\/08\/2-768x512.jpg 768w, https:\/\/cursopracticoseo.com\/colmed\/wp-content\/uploads\/2025\/08\/2.jpg 1080w\" sizes=\"(max-width: 300px) 100vw, 300px\" \/><\/div>\n\t\t<\/a>\n\t\t\t\t<div class=\"elementor-post__text\">\n\t\t\t\t<h3 class=\"elementor-post__title\">\n\t\t\t<a href=\"https:\/\/cursopracticoseo.com\/colmed\/el-presidente-del-colegio-oficial-de-medicos-de-castilla-y-leon-asegura-que-el-debate-sobre-la-atencion-primaria-y-el-sistema-sanitario-en-general-va-a-tener-mucho-recorrido%c2%9d\/\" >\n\t\t\t\tEl presidente del Colegio Oficial de M\u00e9dicos de Castilla y Le\u00f3n asegura que el debate sobre la atenci\u00f3n primaria y el sistema sanitario en general \u00abva a tener mucho recorrido\u00bb\u009d\t\t\t<\/a>\n\t\t<\/h3>\n\t\t\t\t<div class=\"elementor-post__meta-data\">\n\t\t\t\t\t<span class=\"elementor-post-date\">\n\t\t\tseptiembre 12, 2025\t\t<\/span>\n\t\t\t\t<span class=\"elementor-post-avatar\">\n\t\t\tNo hay comentarios\t\t<\/span>\n\t\t\t\t<\/div>\n\t\t\t\t<div class=\"elementor-post__excerpt\">\n\t\t\t<p>\u00abHagan todas las gestiones necesarias ante el Ministerio de Sanidad\u00bb En una entrevista telef\u00f3nica con la Agencia EFE, tras su primera toma de contacto con<\/p>\n\t\t<\/div>\n\t\t\n\t\t<a class=\"elementor-post__read-more\" href=\"https:\/\/cursopracticoseo.com\/colmed\/el-presidente-del-colegio-oficial-de-medicos-de-castilla-y-leon-asegura-que-el-debate-sobre-la-atencion-primaria-y-el-sistema-sanitario-en-general-va-a-tener-mucho-recorrido%c2%9d\/\" aria-label=\"M\u00e1s informaci\u00f3n sobre El presidente del Colegio Oficial de M\u00e9dicos de Castilla y Le\u00f3n asegura que el debate sobre la atenci\u00f3n primaria y el sistema sanitario en general \u00abva a tener mucho recorrido\u00bb\u009d\" tabindex=\"-1\" >\n\t\t\tLeer m\u00e1s \u00bb\t\t<\/a>\n\n\t\t\t\t<\/div>\n\t\t\t\t<\/article>\n\t\t\t\t<article class=\"elementor-post elementor-grid-item post-991 post type-post status-publish format-standard has-post-thumbnail hentry category-noticias\">\n\t\t\t\t<a class=\"elementor-post__thumbnail__link\" href=\"https:\/\/cursopracticoseo.com\/colmed\/el-colegio-de-medicos-de-castilla-y-leon-pide-garantizar-las-evaluaciones-al-personal-mir\/\" tabindex=\"-1\" >\n\t\t\t<div class=\"elementor-post__thumbnail\"><img fetchpriority=\"high\" decoding=\"async\" width=\"300\" height=\"200\" src=\"https:\/\/cursopracticoseo.com\/colmed\/wp-content\/uploads\/2025\/08\/2-300x200.jpg\" class=\"attachment-medium size-medium wp-image-993\" alt=\"\" srcset=\"https:\/\/cursopracticoseo.com\/colmed\/wp-content\/uploads\/2025\/08\/2-300x200.jpg 300w, https:\/\/cursopracticoseo.com\/colmed\/wp-content\/uploads\/2025\/08\/2-1024x683.jpg 1024w, https:\/\/cursopracticoseo.com\/colmed\/wp-content\/uploads\/2025\/08\/2-768x512.jpg 768w, https:\/\/cursopracticoseo.com\/colmed\/wp-content\/uploads\/2025\/08\/2.jpg 1080w\" sizes=\"(max-width: 300px) 100vw, 300px\" \/><\/div>\n\t\t<\/a>\n\t\t\t\t<div class=\"elementor-post__text\">\n\t\t\t\t<h3 class=\"elementor-post__title\">\n\t\t\t<a href=\"https:\/\/cursopracticoseo.com\/colmed\/el-colegio-de-medicos-de-castilla-y-leon-pide-garantizar-las-evaluaciones-al-personal-mir\/\" >\n\t\t\t\tEl Colegio de M\u00e9dicos de Castilla y Le\u00f3n pide garantizar las evaluaciones al personal MIR\t\t\t<\/a>\n\t\t<\/h3>\n\t\t\t\t<div class=\"elementor-post__meta-data\">\n\t\t\t\t\t<span class=\"elementor-post-date\">\n\t\t\tagosto 18, 2025\t\t<\/span>\n\t\t\t\t<span class=\"elementor-post-avatar\">\n\t\t\tNo hay comentarios\t\t<\/span>\n\t\t\t\t<\/div>\n\t\t\t\t<div class=\"elementor-post__excerpt\">\n\t\t\t<p>\u00abHagan todas las gestiones necesarias ante el Ministerio de Sanidad\u00bb Por todo ello, mostraron su \u00abm\u00e1s absoluto rechazo\u00bb\u009d a la Orden SND\/319\/2020, de 1 de<\/p>\n\t\t<\/div>\n\t\t\n\t\t<a class=\"elementor-post__read-more\" href=\"https:\/\/cursopracticoseo.com\/colmed\/el-colegio-de-medicos-de-castilla-y-leon-pide-garantizar-las-evaluaciones-al-personal-mir\/\" aria-label=\"M\u00e1s informaci\u00f3n sobre El Colegio de M\u00e9dicos de Castilla y Le\u00f3n pide garantizar las evaluaciones al personal MIR\" tabindex=\"-1\" >\n\t\t\tLeer m\u00e1s \u00bb\t\t<\/a>\n\n\t\t\t\t<\/div>\n\t\t\t\t<\/article>\n\t\t\t\t<article class=\"elementor-post elementor-grid-item post-1416 post type-post status-publish format-standard has-post-thumbnail hentry category-noticias\">\n\t\t\t\t<a class=\"elementor-post__thumbnail__link\" href=\"https:\/\/cursopracticoseo.com\/colmed\/diaz-villarig-valora-el-talante-del-nuevo-consejero-de-sanidad\/\" tabindex=\"-1\" >\n\t\t\t<div class=\"elementor-post__thumbnail\"><img fetchpriority=\"high\" decoding=\"async\" width=\"300\" height=\"200\" src=\"https:\/\/cursopracticoseo.com\/colmed\/wp-content\/uploads\/2025\/08\/2-300x200.jpg\" class=\"attachment-medium size-medium wp-image-993\" alt=\"\" srcset=\"https:\/\/cursopracticoseo.com\/colmed\/wp-content\/uploads\/2025\/08\/2-300x200.jpg 300w, https:\/\/cursopracticoseo.com\/colmed\/wp-content\/uploads\/2025\/08\/2-1024x683.jpg 1024w, https:\/\/cursopracticoseo.com\/colmed\/wp-content\/uploads\/2025\/08\/2-768x512.jpg 768w, https:\/\/cursopracticoseo.com\/colmed\/wp-content\/uploads\/2025\/08\/2.jpg 1080w\" sizes=\"(max-width: 300px) 100vw, 300px\" \/><\/div>\n\t\t<\/a>\n\t\t\t\t<div class=\"elementor-post__text\">\n\t\t\t\t<h3 class=\"elementor-post__title\">\n\t\t\t<a href=\"https:\/\/cursopracticoseo.com\/colmed\/diaz-villarig-valora-el-talante-del-nuevo-consejero-de-sanidad\/\" >\n\t\t\t\tD\u00edaz Villarig valora el talante del nuevo consejero de Sanidad\t\t\t<\/a>\n\t\t<\/h3>\n\t\t\t\t<div class=\"elementor-post__meta-data\">\n\t\t\t\t\t<span class=\"elementor-post-date\">\n\t\t\tseptiembre 21, 2021\t\t<\/span>\n\t\t\t\t<span class=\"elementor-post-avatar\">\n\t\t\tNo hay comentarios\t\t<\/span>\n\t\t\t\t<\/div>\n\t\t\t\t<div class=\"elementor-post__excerpt\">\n\t\t\t<p>\u00abEl consejero habla de consenso y conoce la gesti\u00f3n, no como ocurri\u00f3 con Casado, y ese consenso se necesita para reestructurar el sistema sanitario\u00bb Diario<\/p>\n\t\t<\/div>\n\t\t\n\t\t<a class=\"elementor-post__read-more\" href=\"https:\/\/cursopracticoseo.com\/colmed\/diaz-villarig-valora-el-talante-del-nuevo-consejero-de-sanidad\/\" aria-label=\"M\u00e1s informaci\u00f3n sobre D\u00edaz Villarig valora el talante del nuevo consejero de Sanidad\" tabindex=\"-1\" >\n\t\t\tLeer m\u00e1s \u00bb\t\t<\/a>\n\n\t\t\t\t<\/div>\n\t\t\t\t<\/article>\n\t\t\t\t<article class=\"elementor-post elementor-grid-item post-1408 post type-post status-publish format-standard has-post-thumbnail hentry category-notas-de-prensa\">\n\t\t\t\t<a class=\"elementor-post__thumbnail__link\" href=\"https:\/\/cursopracticoseo.com\/colmed\/el-consejo-de-la-profesion-medica-de-castilla-y-leon-expone-su-postura-ante-la-reforma-sanitaria\/\" tabindex=\"-1\" >\n\t\t\t<div class=\"elementor-post__thumbnail\"><img decoding=\"async\" width=\"300\" height=\"198\" src=\"https:\/\/cursopracticoseo.com\/colmed\/wp-content\/uploads\/2025\/09\/Captura-de-pantalla-2025-09-12-a-las-11.17.20-300x198.png\" class=\"attachment-medium size-medium wp-image-1410\" alt=\"\" srcset=\"https:\/\/cursopracticoseo.com\/colmed\/wp-content\/uploads\/2025\/09\/Captura-de-pantalla-2025-09-12-a-las-11.17.20-300x198.png 300w, https:\/\/cursopracticoseo.com\/colmed\/wp-content\/uploads\/2025\/09\/Captura-de-pantalla-2025-09-12-a-las-11.17.20-1024x675.png 1024w, https:\/\/cursopracticoseo.com\/colmed\/wp-content\/uploads\/2025\/09\/Captura-de-pantalla-2025-09-12-a-las-11.17.20-768x506.png 768w, https:\/\/cursopracticoseo.com\/colmed\/wp-content\/uploads\/2025\/09\/Captura-de-pantalla-2025-09-12-a-las-11.17.20.png 1390w\" sizes=\"(max-width: 300px) 100vw, 300px\" \/><\/div>\n\t\t<\/a>\n\t\t\t\t<div class=\"elementor-post__text\">\n\t\t\t\t<h3 class=\"elementor-post__title\">\n\t\t\t<a href=\"https:\/\/cursopracticoseo.com\/colmed\/el-consejo-de-la-profesion-medica-de-castilla-y-leon-expone-su-postura-ante-la-reforma-sanitaria\/\" >\n\t\t\t\tEl Consejo de la Profesi\u00f3n M\u00e9dica de Castilla y Le\u00f3n expone su postura ante la reforma sanitaria\t\t\t<\/a>\n\t\t<\/h3>\n\t\t\t\t<div class=\"elementor-post__meta-data\">\n\t\t\t\t\t<span class=\"elementor-post-date\">\n\t\t\tseptiembre 14, 2021\t\t<\/span>\n\t\t\t\t<span class=\"elementor-post-avatar\">\n\t\t\tNo hay comentarios\t\t<\/span>\n\t\t\t\t<\/div>\n\t\t\t\t<div class=\"elementor-post__excerpt\">\n\t\t\t<p>M\u00e1s art\u00edculos<\/p>\n\t\t<\/div>\n\t\t\n\t\t<a class=\"elementor-post__read-more\" href=\"https:\/\/cursopracticoseo.com\/colmed\/el-consejo-de-la-profesion-medica-de-castilla-y-leon-expone-su-postura-ante-la-reforma-sanitaria\/\" aria-label=\"M\u00e1s informaci\u00f3n sobre El Consejo de la Profesi\u00f3n M\u00e9dica de Castilla y Le\u00f3n expone su postura ante la reforma sanitaria\" tabindex=\"-1\" >\n\t\t\tLeer m\u00e1s \u00bb\t\t<\/a>\n\n\t\t\t\t<\/div>\n\t\t\t\t<\/article>\n\t\t\t\t<article class=\"elementor-post elementor-grid-item post-997 post type-post status-publish format-standard has-post-thumbnail hentry category-noticias\">\n\t\t\t\t<a class=\"elementor-post__thumbnail__link\" href=\"https:\/\/cursopracticoseo.com\/colmed\/reestructuracion-del-sistema-nacional-de-salud\/\" tabindex=\"-1\" >\n\t\t\t<div class=\"elementor-post__thumbnail\"><img fetchpriority=\"high\" decoding=\"async\" width=\"300\" height=\"200\" src=\"https:\/\/cursopracticoseo.com\/colmed\/wp-content\/uploads\/2025\/08\/2-300x200.jpg\" class=\"attachment-medium size-medium wp-image-993\" alt=\"\" srcset=\"https:\/\/cursopracticoseo.com\/colmed\/wp-content\/uploads\/2025\/08\/2-300x200.jpg 300w, https:\/\/cursopracticoseo.com\/colmed\/wp-content\/uploads\/2025\/08\/2-1024x683.jpg 1024w, https:\/\/cursopracticoseo.com\/colmed\/wp-content\/uploads\/2025\/08\/2-768x512.jpg 768w, https:\/\/cursopracticoseo.com\/colmed\/wp-content\/uploads\/2025\/08\/2.jpg 1080w\" sizes=\"(max-width: 300px) 100vw, 300px\" \/><\/div>\n\t\t<\/a>\n\t\t\t\t<div class=\"elementor-post__text\">\n\t\t\t\t<h3 class=\"elementor-post__title\">\n\t\t\t<a href=\"https:\/\/cursopracticoseo.com\/colmed\/reestructuracion-del-sistema-nacional-de-salud\/\" >\n\t\t\t\tReestructuraci\u00f3n del Sistema Nacional de Salud\t\t\t<\/a>\n\t\t<\/h3>\n\t\t\t\t<div class=\"elementor-post__meta-data\">\n\t\t\t\t\t<span class=\"elementor-post-date\">\n\t\t\tjunio 20, 2020\t\t<\/span>\n\t\t\t\t<span class=\"elementor-post-avatar\">\n\t\t\tNo hay comentarios\t\t<\/span>\n\t\t\t\t<\/div>\n\t\t\t\t<div class=\"elementor-post__excerpt\">\n\t\t\t<p>Tribuna de opini\u00f3n del Dr. Jos\u00e9 Luis D\u00edaz Villarig, presidente del Consejo de Colegios Oficiales de M\u00e9dicos de Castilla y Le\u00f3n y del Colegio Oficial de M\u00e9dicos de Le\u00f3n, publicada en La Nueva Cr\u00f3nica el 20 de junio de 2020.<\/p>\n\t\t<\/div>\n\t\t\n\t\t<a class=\"elementor-post__read-more\" href=\"https:\/\/cursopracticoseo.com\/colmed\/reestructuracion-del-sistema-nacional-de-salud\/\" aria-label=\"M\u00e1s informaci\u00f3n sobre Reestructuraci\u00f3n del Sistema Nacional de Salud\" tabindex=\"-1\" >\n\t\t\tLeer m\u00e1s \u00bb\t\t<\/a>\n\n\t\t\t\t<\/div>\n\t\t\t\t<\/article>\n\t\t\t\t<article class=\"elementor-post elementor-grid-item post-984 post type-post status-publish format-standard has-post-thumbnail hentry category-noticias\">\n\t\t\t\t<a class=\"elementor-post__thumbnail__link\" href=\"https:\/\/cursopracticoseo.com\/colmed\/el-colegio-de-medicos-pide-medios-para-soria-y-segovia-cada-minuto-que-pasa-es-una-vida-que-se-puede-perder\/\" tabindex=\"-1\" >\n\t\t\t<div class=\"elementor-post__thumbnail\"><img decoding=\"async\" width=\"300\" height=\"200\" src=\"https:\/\/cursopracticoseo.com\/colmed\/wp-content\/uploads\/2025\/08\/Diseno-sin-titulo-7-300x200.jpg\" class=\"attachment-medium size-medium wp-image-986\" alt=\"\" srcset=\"https:\/\/cursopracticoseo.com\/colmed\/wp-content\/uploads\/2025\/08\/Diseno-sin-titulo-7-300x200.jpg 300w, https:\/\/cursopracticoseo.com\/colmed\/wp-content\/uploads\/2025\/08\/Diseno-sin-titulo-7-1024x683.jpg 1024w, https:\/\/cursopracticoseo.com\/colmed\/wp-content\/uploads\/2025\/08\/Diseno-sin-titulo-7-768x512.jpg 768w, https:\/\/cursopracticoseo.com\/colmed\/wp-content\/uploads\/2025\/08\/Diseno-sin-titulo-7.jpg 1080w\" sizes=\"(max-width: 300px) 100vw, 300px\" \/><\/div>\n\t\t<\/a>\n\t\t\t\t<div class=\"elementor-post__text\">\n\t\t\t\t<h3 class=\"elementor-post__title\">\n\t\t\t<a href=\"https:\/\/cursopracticoseo.com\/colmed\/el-colegio-de-medicos-pide-medios-para-soria-y-segovia-cada-minuto-que-pasa-es-una-vida-que-se-puede-perder\/\" >\n\t\t\t\tEl Colegio de M\u00e9dicos pide medios para Soria y Segovia: \u00abCada minuto que pasa es una vida que se puede perder\u00bb\t\t\t<\/a>\n\t\t<\/h3>\n\t\t\t\t<div class=\"elementor-post__meta-data\">\n\t\t\t\t\t<span class=\"elementor-post-date\">\n\t\t\tabril 3, 2020\t\t<\/span>\n\t\t\t\t<span class=\"elementor-post-avatar\">\n\t\t\tNo hay comentarios\t\t<\/span>\n\t\t\t\t<\/div>\n\t\t\t\t<div class=\"elementor-post__excerpt\">\n\t\t\t<p>\u00aburgente, decidida y contundente\u00bb La misiva, a la que tuvo acceso Ical, indica que la pandemia est\u00e1 \u00abgolpeando\u00bb con \u00abdureza\u00bb a la comunidad, a su<\/p>\n\t\t<\/div>\n\t\t\n\t\t<a class=\"elementor-post__read-more\" href=\"https:\/\/cursopracticoseo.com\/colmed\/el-colegio-de-medicos-pide-medios-para-soria-y-segovia-cada-minuto-que-pasa-es-una-vida-que-se-puede-perder\/\" aria-label=\"M\u00e1s informaci\u00f3n sobre El Colegio de M\u00e9dicos pide medios para Soria y Segovia: \u00abCada minuto que pasa es una vida que se puede perder\u00bb\" tabindex=\"-1\" >\n\t\t\tLeer m\u00e1s \u00bb\t\t<\/a>\n\n\t\t\t\t<\/div>\n\t\t\t\t<\/article>\n\t\t\t\t<\/div>\n\t\t\n\t\t\t\t\t\t<\/div>\n\t\t\t\t<\/div>\n\t\t\t\t\t<\/div>\n\t\t\t\t<\/div>\n\t\t\t\t<\/div>\n\t\t<div data-particle_enable=\"false\" data-particle-mobile-disabled=\"false\" id=\"e-n-tab-content-82029032\" role=\"tabpanel\" aria-labelledby=\"e-n-tab-title-82029032\" data-tab-index=\"2\" style=\"--n-tabs-title-order: 2;\" class=\" elementor-element elementor-element-979b3f1 e-con-full e-flex e-con e-child\" data-id=\"979b3f1\" data-element_type=\"container\">\n\t\t\t\t<\/div>\n\t\t<div data-particle_enable=\"false\" data-particle-mobile-disabled=\"false\" id=\"e-n-tab-content-82029033\" role=\"tabpanel\" aria-labelledby=\"e-n-tab-title-82029033\" data-tab-index=\"3\" style=\"--n-tabs-title-order: 3;\" class=\" elementor-element elementor-element-8a832bb e-con-full e-flex e-con e-child\" data-id=\"8a832bb\" data-element_type=\"container\">\n\t\t\t\t<\/div>\n\t\t<div data-particle_enable=\"false\" data-particle-mobile-disabled=\"false\" id=\"e-n-tab-content-82029034\" role=\"tabpanel\" aria-labelledby=\"e-n-tab-title-82029034\" data-tab-index=\"4\" style=\"--n-tabs-title-order: 4;\" class=\" elementor-element elementor-element-8046bdd e-con-full e-flex e-con e-child\" data-id=\"8046bdd\" data-element_type=\"container\">\n\t\t\t\t<\/div>\n\t\t\t\t\t<\/div>\n\t\t<\/div>\n\t\t\t\t\t\t<\/div>\n\t\t\t\t<\/div>\n\t\t\t\t<\/div>\n\t\t\t\t\t<\/div>\n\t\t\t\t<\/div>\n\t\t\t\t<\/div>\n\t\t","protected":false},"excerpt":{"rendered":"<p>Inicio \/ P\u00e1gina El Ilustre Colegio Oficial de M\u00e9dicos de Le\u00f3n es una corporaci\u00f3n de derecho p\u00fablico que representa, defiende y ordena el ejercicio de la profesi\u00f3n m\u00e9dica en la provincia de Le\u00f3n. Nuestra labor se basa en garantizar una pr\u00e1ctica m\u00e9dica \u00e9tica, responsable y orientada al bienestar de los ciudadanos. Trabajamos por y para [&hellip;]<\/p>\n","protected":false},"author":1,"featured_media":0,"parent":0,"menu_order":0,"comment_status":"closed","ping_status":"closed","template":"","meta":{"footnotes":""},"class_list":["post-449","page","type-page","status-publish","hentry"],"_links":{"self":[{"href":"https:\/\/cursopracticoseo.com\/colmed\/wp-json\/wp\/v2\/pages\/449","targetHints":{"allow":["GET"]}}],"collection":[{"href":"https:\/\/cursopracticoseo.com\/colmed\/wp-json\/wp\/v2\/pages"}],"about":[{"href":"https:\/\/cursopracticoseo.com\/colmed\/wp-json\/wp\/v2\/types\/page"}],"author":[{"embeddable":true,"href":"https:\/\/cursopracticoseo.com\/colmed\/wp-json\/wp\/v2\/users\/1"}],"replies":[{"embeddable":true,"href":"https:\/\/cursopracticoseo.com\/colmed\/wp-json\/wp\/v2\/comments?post=449"}],"version-history":[{"count":34,"href":"https:\/\/cursopracticoseo.com\/colmed\/wp-json\/wp\/v2\/pages\/449\/revisions"}],"predecessor-version":[{"id":1396,"href":"https:\/\/cursopracticoseo.com\/colmed\/wp-json\/wp\/v2\/pages\/449\/revisions\/1396"}],"wp:attachment":[{"href":"https:\/\/cursopracticoseo.com\/colmed\/wp-json\/wp\/v2\/media?parent=449"}],"curies":[{"name":"wp","href":"https:\/\/api.w.org\/{rel}","templated":true}]}}